{"id":409,"date":"2025-10-08T17:00:15","date_gmt":"2025-10-08T15:00:15","guid":{"rendered":"http:\/\/anva.local\/?page_id=409"},"modified":"2025-12-04T15:58:00","modified_gmt":"2025-12-04T14:58:00","slug":"om-oss","status":"publish","type":"page","link":"https:\/\/www.anva.se\/en\/om-oss\/","title":{"rendered":"Om oss"},"content":{"rendered":"<div class=\"wp-block-group alignfull has-black-color has-brand-5-background-color has-text-color has-background has-link-color wp-elements-acc2b7e63d9b7d216d172956646368b4 has-global-padding is-layout-constrained wp-container-core-group-is-layout-0bed0f9c wp-block-group-is-layout-constrained\" style=\"padding-top:var(--wp--preset--spacing--7-0);padding-bottom:0\">\n<div class=\"wp-block-group is-content-justification-space-between is-layout-flex wp-container-core-group-is-layout-a7922438 wp-block-group-is-layout-flex\">\n<h1 class=\"wp-block-heading\">Every part cared for<\/h1>\n\n\n\n<div class=\"wp-block-group has-global-padding is-layout-constrained wp-container-core-group-is-layout-3b427a9f wp-block-group-is-layout-constrained\">\n<p>Vi kombinerar innovation, teknisk spetskompetens och h\u00e5llbara l\u00f6sningar f\u00f6r att st\u00e4rka v\u00e5ra kunder och forma en b\u00e4ttre industri, idag och f\u00f6r kommande generationer<\/p>\n<\/div>\n<\/div>\n\n\n\n<div class=\"wp-block-cover alignfull height-desktop-50 height-tablet-50 height-mobile-50\"><img loading=\"lazy\" decoding=\"async\" width=\"2500\" height=\"1667\" class=\"wp-block-cover__image-background wp-image-889 size-full\" alt=\"\" src=\"https:\/\/www.anva.se\/wp-content\/uploads\/2025\/11\/Omoss-1.jpg\" data-object-fit=\"cover\" srcset=\"https:\/\/www.anva.se\/wp-content\/uploads\/2025\/11\/Omoss-1.jpg 2500w, https:\/\/www.anva.se\/wp-content\/uploads\/2025\/11\/Omoss-1-300x200.jpg 300w, https:\/\/www.anva.se\/wp-content\/uploads\/2025\/11\/Omoss-1-1024x683.jpg 1024w, https:\/\/www.anva.se\/wp-content\/uploads\/2025\/11\/Omoss-1-768x512.jpg 768w, https:\/\/www.anva.se\/wp-content\/uploads\/2025\/11\/Omoss-1-1536x1024.jpg 1536w, https:\/\/www.anva.se\/wp-content\/uploads\/2025\/11\/Omoss-1-2048x1366.jpg 2048w\" sizes=\"auto, (max-width: 2500px) 100vw, 2500px\" \/><span aria-hidden=\"true\" class=\"wp-block-cover__background has-background-dim-0 has-background-dim\" style=\"background-color:#6b7285\"><\/span><div class=\"wp-block-cover__inner-container has-global-padding is-layout-constrained wp-block-cover-is-layout-constrained\">\n<p class=\"has-text-align-center has-large-font-size\"><\/p>\n<\/div><\/div>\n<\/div>\n\n\n\n<div class=\"wp-block-columns alignfull is-separator mobile-breakpoint-800 is-layout-flex wp-container-core-columns-is-layout-f732cb08 wp-block-columns-is-layout-flex\" style=\"margin-top:0;margin-bottom:0;--separator-width:1px;--separator-color:#D9D9D9\">\n<div class=\"wp-block-column is-layout-flow wp-block-column-is-layout-flow\" style=\"padding-top:var(--wp--preset--spacing--3-0);padding-right:var(--wp--preset--spacing--1-0);padding-bottom:var(--wp--preset--spacing--3-0);padding-left:var(--wp--preset--spacing--default-padding);flex-basis:33.33%\">\n<h2 class=\"wp-block-heading has-heading-lg-font-size\">Geografisk n\u00e4rvaro<\/h2>\n\n\n\n<p>P\u00e5 AnVa hj\u00e4lper vi v\u00e5ra kunder att lyckas med h\u00f6gkvalitativa industril\u00f6sningar. V\u00e5ra skr\u00e4ddarsydda komponenter och system f\u00f6rb\u00e4ttrar effektiviteten, optimerar produktionen och st\u00f6djer en h\u00e5llbar tillv\u00e4xt.<\/p>\n<\/div>\n\n\n\n<div class=\"wp-block-column is-layout-flow wp-block-column-is-layout-flow\" style=\"padding-bottom:var(--wp--preset--spacing--1-5);flex-basis:66.66%\"><div id=\"473c50cc-951f-471a-92ea-f08dfe47c566\"\n   class=\"content-slider block-editor-block-list__block wp-block block-editor-block-list__block wp-block is-selected content-slider\"\n   data-change-slide-effect=\"fade\"\n   data-loop-slides=\"false\"\n   data-number-of-slides=\"2\"\n   data-number-of-slides-tablet=\"1\"\n   data-number-of-slides-mobile=\"1\"\n   data-slides-gap=\"16\"\n   style=\"--content-slider-border-color: #e0e0e0;          --content-slider-pagination-color: #111111;\">\n   <div class=\"swiper\">\n               <div class=\"swiper-wrapper\">\n            \n\n<div class=\"wp-block-group has-global-padding is-layout-constrained wp-block-group-is-layout-constrained\" style=\"border-bottom-color:var(--wp--preset--color--brand-2);border-bottom-width:1px\">\n<figure class=\"wp-block-image alignfull size-full has-custom-border\"><img decoding=\"async\" src=\"https:\/\/www.anva.se\/wp-content\/uploads\/2025\/10\/Vector-1.svg\" alt=\"\" class=\"wp-image-430\" style=\"border-radius:0px\"\/><\/figure>\n<\/div>\n\n\n\n<div class=\"wp-block-group has-global-padding is-layout-constrained wp-block-group-is-layout-constrained\" style=\"border-bottom-color:var(--wp--preset--color--brand-2);border-bottom-width:1px\">\n<figure class=\"wp-block-image alignfull size-full has-custom-border\"><img loading=\"lazy\" decoding=\"async\" width=\"1500\" height=\"1030\" src=\"https:\/\/www.anva.se\/wp-content\/uploads\/2025\/11\/Kina.png\" alt=\"\" class=\"wp-image-815\" style=\"border-radius:0px\" srcset=\"https:\/\/www.anva.se\/wp-content\/uploads\/2025\/11\/Kina.png 1500w, https:\/\/www.anva.se\/wp-content\/uploads\/2025\/11\/Kina-300x206.png 300w, https:\/\/www.anva.se\/wp-content\/uploads\/2025\/11\/Kina-1024x703.png 1024w, https:\/\/www.anva.se\/wp-content\/uploads\/2025\/11\/Kina-768x527.png 768w\" sizes=\"auto, (max-width: 1500px) 100vw, 1500px\" \/><\/figure>\n<\/div>\n\n         <\/div>\n            <div class=\"swiper-navigation\">\n         <div class=\"swiper-pagination\"><\/div>\n         <div class=\"swiper-buttons\">\n            <div class=\"swiper-button-prev\">\n               <svg width=\"26\" height=\"20\" viewbox=\"0 0 26 20\" fill=\"none\" xmlns=\"http:\/\/www.w3.org\/2000\/svg\">\n                  <path d=\"M9.58666 19.4225L0.16333 9.99957L9.60375 0.55957L11.095 2.03999L4.1825 8.95249H25.8537V11.0467H4.1825L11.0779 17.9421L9.58666 19.4225Z\" fill=\"currentColor\" \/>\n               <\/svg>\n            <\/div>\n            <div class=\"swiper-button-next\">\n               <svg width=\"26\" height=\"20\" viewbox=\"0 0 26 20\" fill=\"none\" xmlns=\"http:\/\/www.w3.org\/2000\/svg\">\n                  <path d=\"M16.0771 19.378L14.5854 17.8972L21.4808 11.0017H0.5V8.90798H21.4808L14.5683 1.99548L16.06 0.514648L25.5 9.95465L16.0771 19.378Z\" fill=\"currentColor\" \/>\n               <\/svg>\n            <\/div>\n         <\/div>\n      <\/div>\n         <\/div>\n<\/div><\/div>\n<\/div>\n\n\n\n<div class=\"wp-block-group alignfull has-white-color has-primary-background-color has-text-color has-background has-link-color wp-elements-016e7e2e4dff4326fbea2cca07767caa has-global-padding is-layout-constrained wp-block-group-is-layout-constrained\" style=\"margin-top:0;margin-bottom:0\">\n<div class=\"wp-block-columns is-layout-flex wp-container-core-columns-is-layout-28d67f50 wp-block-columns-is-layout-flex\" style=\"padding-top:var(--wp--preset--spacing--7-0);padding-bottom:var(--wp--preset--spacing--7-0)\">\n<div class=\"wp-block-column is-layout-flow wp-block-column-is-layout-flow\" style=\"flex-basis:33.33%\">\n<h2 class=\"wp-block-heading has-heading-lg-font-size\">Vi bygger framtidens h\u00e5llbara industri<\/h2>\n\n\n\n<div class=\"wp-block-group is-vertical is-layout-flex wp-container-core-group-is-layout-ec722aac wp-block-group-is-layout-flex\">\n<p>Vi tar id\u00e9er hela v\u00e4gen, fr\u00e5n koncept och materialval till f\u00e4rdig produkt, med fokus p\u00e5 teknisk spetskompetens, cirkul\u00e4ra l\u00f6sningar och ett l\u00e5ngsiktigt v\u00e4rde. Innovation och h\u00e5llbarhet \u00e4r inte bara m\u00e5l utan sj\u00e4lva s\u00e4ttet vi arbetar p\u00e5, och g\u00f6r oss till en partner som formar industrins framtid.<\/p>\n\n\n\n<p>Vi ger f\u00f6retag och medarbetare m\u00f6jlighet att v\u00e4xa och utvecklas. Genom att kombinera egen spetskompetens med synergier inom koncernen skapar vi f\u00f6ruts\u00e4ttningar f\u00f6r nya id\u00e9er, starkare konkurrenskraft och l\u00e5ngsiktig framg\u00e5ng.<\/p>\n<\/div>\n<\/div>\n\n\n\n<div class=\"wp-block-column is-layout-flow wp-block-column-is-layout-flow\" style=\"flex-basis:66.66%\">\n<div class=\"wp-block-cover is-light\" style=\"border-radius:0.5rem\"><img loading=\"lazy\" decoding=\"async\" width=\"1024\" height=\"683\" class=\"wp-block-cover__image-background wp-image-890 size-large\" alt=\"\" src=\"https:\/\/www.anva.se\/wp-content\/uploads\/2025\/11\/Om-oss-2-1024x683.jpg\" data-object-fit=\"cover\" srcset=\"https:\/\/www.anva.se\/wp-content\/uploads\/2025\/11\/Om-oss-2-1024x683.jpg 1024w, https:\/\/www.anva.se\/wp-content\/uploads\/2025\/11\/Om-oss-2-300x200.jpg 300w, https:\/\/www.anva.se\/wp-content\/uploads\/2025\/11\/Om-oss-2-768x512.jpg 768w, https:\/\/www.anva.se\/wp-content\/uploads\/2025\/11\/Om-oss-2-1536x1024.jpg 1536w, https:\/\/www.anva.se\/wp-content\/uploads\/2025\/11\/Om-oss-2-2048x1366.jpg 2048w\" sizes=\"auto, (max-width: 1024px) 100vw, 1024px\" \/><span aria-hidden=\"true\" class=\"wp-block-cover__background has-background-dim-0 has-background-dim\" style=\"background-color:#8a807c\"><\/span><div class=\"wp-block-cover__inner-container has-global-padding is-layout-constrained wp-block-cover-is-layout-constrained\">\n<p class=\"has-text-align-center has-large-font-size\"><\/p>\n<\/div><\/div>\n<\/div>\n<\/div>\n<\/div>\n\n\n\n<div class=\"wp-block-cover alignfull is-light height-desktop-50 height-tablet-50 height-mobile-50\" style=\"margin-top:0;margin-bottom:0\"><img loading=\"lazy\" decoding=\"async\" width=\"768\" height=\"1024\" class=\"wp-block-cover__image-background wp-image-128 size-large\" alt=\"\" src=\"https:\/\/www.anva.se\/wp-content\/uploads\/2025\/10\/6f69bc7c4c0dede4162a82f54abceff48e454aa3-768x1024.png\" data-object-fit=\"cover\" srcset=\"https:\/\/www.anva.se\/wp-content\/uploads\/2025\/10\/6f69bc7c4c0dede4162a82f54abceff48e454aa3-768x1024.png 768w, https:\/\/www.anva.se\/wp-content\/uploads\/2025\/10\/6f69bc7c4c0dede4162a82f54abceff48e454aa3-225x300.png 225w, https:\/\/www.anva.se\/wp-content\/uploads\/2025\/10\/6f69bc7c4c0dede4162a82f54abceff48e454aa3.png 870w\" sizes=\"auto, (max-width: 768px) 100vw, 768px\" \/><span aria-hidden=\"true\" class=\"wp-block-cover__background has-background-dim-0 has-background-dim\" style=\"background-color:#8fa0b4\"><\/span><div class=\"wp-block-cover__inner-container has-global-padding is-layout-constrained wp-block-cover-is-layout-constrained\">\n<p class=\"has-text-align-center has-large-font-size\"><\/p>\n<\/div><\/div>\n\n\n\n<div class=\"wp-block-group alignfull has-global-padding is-layout-constrained wp-block-group-is-layout-constrained\">\n<div class=\"wp-block-columns alignfull has-brand-5-background-color has-background is-layout-flex wp-container-core-columns-is-layout-4ea1b460 wp-block-columns-is-layout-flex\" style=\"padding-top:0;padding-right:0;padding-bottom:0;padding-left:0\">\n<div class=\"wp-block-column is-vertically-aligned-stretch has-white-color has-accent-background-color has-text-color has-background has-link-color wp-elements-7cc4af126f74f3fd3f229212dc232d9a is-layout-flow wp-block-column-is-layout-flow\" style=\"padding-top:var(--wp--preset--spacing--3-0);padding-right:var(--wp--preset--spacing--default-padding);padding-bottom:var(--wp--preset--spacing--3-0);padding-left:var(--wp--preset--spacing--default-padding);flex-basis:33.33%\">\n<h3 class=\"wp-block-heading\">Hela v\u00e5r resa hittills<\/h3>\n\n\n\n<p>L\u00e5ngt ifr\u00e5n alla beslut tas i styrelserummet. Vissa id\u00e9er f\u00f6ds n\u00e4r man minst anar det, i samtal, i skratt eller i \u00f6gonblick som k\u00e4nns r\u00e4tt. S\u00e5 var det 2013, n\u00e4r Per Vannesj\u00f6, Binella Vannesj\u00f6, Per Andersson och Leif Andersson tr\u00e4ffades p\u00e5 Leifs 70-\u00e5rsfest. D\u00e4r och d\u00e5 f\u00f6ddes id\u00e9n som skulle bli AnVa. Nio m\u00e5nader senare hade tre bolag blivit en del av samma resa, och sedan dess har den fortsatt. Bolag f\u00f6r bolag, f\u00f6rv\u00e4rv efter f\u00f6rv\u00e4rv, har vi vuxit till en stark och flexibel koncern med spetskompetens inom st\u00e5l, gummi och plast, och processer som svetsning, formsprutning, formgjutning och sk\u00e4rande bearbetning.<\/p>\n<\/div>\n\n\n\n<div class=\"wp-block-column is-vertically-aligned-stretch has-white-color has-primary-background-color has-text-color has-background has-link-color wp-elements-bf94769dc70cb2ea63fd4f56a45f593e is-layout-flow wp-block-column-is-layout-flow\" style=\"padding-bottom:var(--wp--preset--spacing--1-5);flex-basis:66.66%\"><div id=\"1aa7176b-90c3-46b8-8757-ef59392d3bd0\"\n   class=\"content-slider block-editor-block-list__block wp-block block-editor-block-list__block wp-block is-selected content-slider\"\n   data-change-slide-effect=\"fade\"\n   data-loop-slides=\"false\"\n   data-number-of-slides=\"3\"\n   data-number-of-slides-tablet=\"2\"\n   data-number-of-slides-mobile=\"1\"\n   data-slides-gap=\"16\"\n   style=\"--content-slider-border-color: #e0e0e0;          --content-slider-pagination-color: #ffffff;\">\n   <div class=\"swiper\">\n               <div class=\"swiper-wrapper\">\n            \n\n<div class=\"wp-block-group has-global-padding is-layout-constrained wp-container-core-group-is-layout-784397a5 wp-block-group-is-layout-constrained\" style=\"padding-top:var(--wp--preset--spacing--3-0);padding-right:var(--wp--preset--spacing--default-padding);padding-bottom:var(--wp--preset--spacing--1-5);padding-left:var(--wp--preset--spacing--default-padding)\">\n<div class=\"wp-block-group is-content-justification-space-between is-nowrap is-layout-flex wp-container-core-group-is-layout-30f9cafb wp-block-group-is-layout-flex\">\n<h3 class=\"wp-block-heading has-heading-3-xl-font-size\">2013<\/h3>\n\n\n\n<div class=\"wp-block-group has-global-padding is-layout-constrained wp-container-core-group-is-layout-ee551f93 wp-block-group-is-layout-constrained\">\n<h4 class=\"wp-block-heading has-heading-sm-font-size\">November<\/h4>\n\n\n\n<p>Nolato Sunne blir AnVa Polytech<\/p>\n<\/div>\n<\/div>\n<\/div>\n\n\n\n<div class=\"wp-block-group has-global-padding is-layout-constrained wp-container-core-group-is-layout-784397a5 wp-block-group-is-layout-constrained\" style=\"padding-top:var(--wp--preset--spacing--3-0);padding-right:var(--wp--preset--spacing--default-padding);padding-bottom:var(--wp--preset--spacing--1-5);padding-left:var(--wp--preset--spacing--default-padding)\">\n<div class=\"wp-block-group is-content-justification-space-between is-nowrap is-layout-flex wp-container-core-group-is-layout-30f9cafb wp-block-group-is-layout-flex\">\n<h3 class=\"wp-block-heading has-heading-3-xl-font-size\">2013<\/h3>\n\n\n\n<div class=\"wp-block-group has-global-padding is-layout-constrained wp-container-core-group-is-layout-ee551f93 wp-block-group-is-layout-constrained\">\n<h4 class=\"wp-block-heading has-heading-sm-font-size\">December<\/h4>\n\n\n\n<p>Tuna St\u00e5lr\u00f6r i Eskilstuna blir AnVa Tubes &amp; Components<\/p>\n<\/div>\n<\/div>\n<\/div>\n\n\n\n<div class=\"wp-block-group has-global-padding is-layout-constrained wp-container-core-group-is-layout-784397a5 wp-block-group-is-layout-constrained\" style=\"padding-top:var(--wp--preset--spacing--3-0);padding-right:var(--wp--preset--spacing--default-padding);padding-bottom:var(--wp--preset--spacing--1-5);padding-left:var(--wp--preset--spacing--default-padding)\">\n<div class=\"wp-block-group is-content-justification-space-between is-nowrap is-layout-flex wp-container-core-group-is-layout-30f9cafb wp-block-group-is-layout-flex\">\n<h3 class=\"wp-block-heading has-heading-3-xl-font-size\">2014<\/h3>\n\n\n\n<div class=\"wp-block-group has-global-padding is-layout-constrained wp-container-core-group-is-layout-ee551f93 wp-block-group-is-layout-constrained\">\n<h4 class=\"wp-block-heading has-heading-sm-font-size\">MM<\/h4>\n\n\n\n<p>HT Svarv i Kalix blir AnVa Components<\/p>\n<\/div>\n<\/div>\n<\/div>\n\n\n\n<div class=\"wp-block-group has-global-padding is-layout-constrained wp-container-core-group-is-layout-784397a5 wp-block-group-is-layout-constrained\" style=\"padding-top:var(--wp--preset--spacing--3-0);padding-right:var(--wp--preset--spacing--default-padding);padding-bottom:var(--wp--preset--spacing--1-5);padding-left:var(--wp--preset--spacing--default-padding)\">\n<div class=\"wp-block-group is-content-justification-space-between is-nowrap is-layout-flex wp-container-core-group-is-layout-30f9cafb wp-block-group-is-layout-flex\">\n<h3 class=\"wp-block-heading has-heading-3-xl-font-size\">2015<\/h3>\n\n\n\n<div class=\"wp-block-group has-global-padding is-layout-constrained wp-container-core-group-is-layout-ee551f93 wp-block-group-is-layout-constrained\">\n<h4 class=\"wp-block-heading has-heading-sm-font-size\">Juli<\/h4>\n\n\n\n<p>AnVa Tubes &amp; Components f\u00f6rv\u00e4rvar SweTherm i Lingbo<\/p>\n<\/div>\n<\/div>\n<\/div>\n\n\n\n<div class=\"wp-block-group has-global-padding is-layout-constrained wp-container-core-group-is-layout-784397a5 wp-block-group-is-layout-constrained\" style=\"padding-top:var(--wp--preset--spacing--3-0);padding-right:var(--wp--preset--spacing--default-padding);padding-bottom:var(--wp--preset--spacing--1-5);padding-left:var(--wp--preset--spacing--default-padding)\">\n<div class=\"wp-block-group is-content-justification-space-between is-nowrap is-layout-flex wp-container-core-group-is-layout-30f9cafb wp-block-group-is-layout-flex\">\n<h3 class=\"wp-block-heading has-heading-3-xl-font-size\">2016<\/h3>\n\n\n\n<div class=\"wp-block-group has-global-padding is-layout-constrained wp-container-core-group-is-layout-ee551f93 wp-block-group-is-layout-constrained\">\n<h4 class=\"wp-block-heading has-heading-sm-font-size\">December<\/h4>\n\n\n\n<p>AnVa Industries f\u00f6rv\u00e4rvar verkstadsdelen fr\u00e5n Binar och bildar AnVa Titech System AB i Tidaholm, AnVa Rostfritt &amp; Smide i Tran\u00e5s, AnVaKSG i Trollh\u00e4ttan, AnVa Arion i Hjo och AnVa GmbH i Waldstetten<\/p>\n<\/div>\n<\/div>\n<\/div>\n\n\n\n<div class=\"wp-block-group has-global-padding is-layout-constrained wp-container-core-group-is-layout-784397a5 wp-block-group-is-layout-constrained\" style=\"padding-top:var(--wp--preset--spacing--3-0);padding-right:var(--wp--preset--spacing--default-padding);padding-bottom:var(--wp--preset--spacing--1-5);padding-left:var(--wp--preset--spacing--default-padding)\">\n<div class=\"wp-block-group is-content-justification-space-between is-nowrap is-layout-flex wp-container-core-group-is-layout-30f9cafb wp-block-group-is-layout-flex\">\n<h3 class=\"wp-block-heading has-heading-3-xl-font-size\">2018<\/h3>\n\n\n\n<div class=\"wp-block-group has-global-padding is-layout-constrained wp-container-core-group-is-layout-ee551f93 wp-block-group-is-layout-constrained\">\n<h4 class=\"wp-block-heading has-heading-sm-font-size\">Mars<\/h4>\n\n\n\n<p>Bergbom &amp; S\u00f6ner i Hjo f\u00f6rv\u00e4rvas<\/p>\n<\/div>\n<\/div>\n<\/div>\n\n\n\n<div class=\"wp-block-group has-global-padding is-layout-constrained wp-container-core-group-is-layout-784397a5 wp-block-group-is-layout-constrained\" style=\"padding-top:var(--wp--preset--spacing--3-0);padding-right:var(--wp--preset--spacing--default-padding);padding-bottom:var(--wp--preset--spacing--1-5);padding-left:var(--wp--preset--spacing--default-padding)\">\n<div class=\"wp-block-group is-content-justification-space-between is-nowrap is-layout-flex wp-container-core-group-is-layout-30f9cafb wp-block-group-is-layout-flex\">\n<h3 class=\"wp-block-heading has-heading-3-xl-font-size\">2018<\/h3>\n\n\n\n<div class=\"wp-block-group has-global-padding is-layout-constrained wp-container-core-group-is-layout-ee551f93 wp-block-group-is-layout-constrained\">\n<h4 class=\"wp-block-heading has-heading-sm-font-size\">April<\/h4>\n\n\n\n<p>RM komponenter i Hjo f\u00f6rv\u00e4rvas<\/p>\n<\/div>\n<\/div>\n<\/div>\n\n\n\n<div class=\"wp-block-group has-global-padding is-layout-constrained wp-container-core-group-is-layout-784397a5 wp-block-group-is-layout-constrained\" style=\"padding-top:var(--wp--preset--spacing--3-0);padding-right:var(--wp--preset--spacing--default-padding);padding-bottom:var(--wp--preset--spacing--1-5);padding-left:var(--wp--preset--spacing--default-padding)\">\n<div class=\"wp-block-group is-content-justification-space-between is-nowrap is-layout-flex wp-container-core-group-is-layout-30f9cafb wp-block-group-is-layout-flex\">\n<h3 class=\"wp-block-heading has-heading-3-xl-font-size\">2020<\/h3>\n\n\n\n<div class=\"wp-block-group has-global-padding is-layout-constrained wp-container-core-group-is-layout-ee551f93 wp-block-group-is-layout-constrained\">\n<h4 class=\"wp-block-heading has-heading-sm-font-size\">September<\/h4>\n\n\n\n<p>Bergbom &amp; S\u00f6ner, RM komponenter och AnVa Arion fusioneras och bildar AnVaHjo AB. Verksamheterna fokuseras p\u00e5 tv\u00e5 enheter.<\/p>\n<\/div>\n<\/div>\n<\/div>\n\n\n\n<div class=\"wp-block-group has-global-padding is-layout-constrained wp-container-core-group-is-layout-784397a5 wp-block-group-is-layout-constrained\" style=\"padding-top:var(--wp--preset--spacing--3-0);padding-right:var(--wp--preset--spacing--default-padding);padding-bottom:var(--wp--preset--spacing--1-5);padding-left:var(--wp--preset--spacing--default-padding)\">\n<div class=\"wp-block-group is-content-justification-space-between is-nowrap is-layout-flex wp-container-core-group-is-layout-30f9cafb wp-block-group-is-layout-flex\">\n<h3 class=\"wp-block-heading has-heading-3-xl-font-size\">2021<\/h3>\n\n\n\n<div class=\"wp-block-group has-global-padding is-layout-constrained wp-container-core-group-is-layout-ee551f93 wp-block-group-is-layout-constrained\">\n<h4 class=\"wp-block-heading has-heading-sm-font-size\">Januari<\/h4>\n\n\n\n<p>AnVa Tubes &amp; Components f\u00f6rv\u00e4rvar Profil-import AB som utvecklar o tillverkar g\u00e5ngj\u00e4rn som ers\u00e4tter gasfj\u00e4drar f\u00f6r kr\u00e4vande applikationer.<\/p>\n<\/div>\n<\/div>\n<\/div>\n\n\n\n<div class=\"wp-block-group has-global-padding is-layout-constrained wp-container-core-group-is-layout-784397a5 wp-block-group-is-layout-constrained\" style=\"padding-top:var(--wp--preset--spacing--3-0);padding-right:var(--wp--preset--spacing--default-padding);padding-bottom:var(--wp--preset--spacing--1-5);padding-left:var(--wp--preset--spacing--default-padding)\">\n<div class=\"wp-block-group is-content-justification-space-between is-nowrap is-layout-flex wp-container-core-group-is-layout-30f9cafb wp-block-group-is-layout-flex\">\n<h3 class=\"wp-block-heading has-heading-3-xl-font-size\">2021<\/h3>\n\n\n\n<div class=\"wp-block-group has-global-padding is-layout-constrained wp-container-core-group-is-layout-ee551f93 wp-block-group-is-layout-constrained\">\n<h4 class=\"wp-block-heading has-heading-sm-font-size\">Mars<\/h4>\n\n\n\n<p>Hordagruppen med verksamheter i Horda, Bor, Shanghai och Suzhou.<\/p>\n<\/div>\n<\/div>\n<\/div>\n\n\n\n<div class=\"wp-block-group has-global-padding is-layout-constrained wp-container-core-group-is-layout-784397a5 wp-block-group-is-layout-constrained\" style=\"padding-top:var(--wp--preset--spacing--3-0);padding-right:var(--wp--preset--spacing--default-padding);padding-bottom:var(--wp--preset--spacing--1-5);padding-left:var(--wp--preset--spacing--default-padding)\">\n<div class=\"wp-block-group is-content-justification-space-between is-nowrap is-layout-flex wp-container-core-group-is-layout-30f9cafb wp-block-group-is-layout-flex\">\n<h3 class=\"wp-block-heading has-heading-3-xl-font-size\">2023<\/h3>\n\n\n\n<div class=\"wp-block-group has-global-padding is-layout-constrained wp-container-core-group-is-layout-ee551f93 wp-block-group-is-layout-constrained\">\n<h4 class=\"wp-block-heading has-heading-sm-font-size\">Juni<\/h4>\n\n\n\n<p>F\u00f6rv\u00e4rv av samtliga aktier i det tidigare Joint Venture-bolaget HL Automotive Components Co Ltd i Suzhou.<\/p>\n<\/div>\n<\/div>\n<\/div>\n\n\n\n<div class=\"wp-block-group has-global-padding is-layout-constrained wp-container-core-group-is-layout-784397a5 wp-block-group-is-layout-constrained\" style=\"padding-top:var(--wp--preset--spacing--3-0);padding-right:var(--wp--preset--spacing--default-padding);padding-bottom:var(--wp--preset--spacing--1-5);padding-left:var(--wp--preset--spacing--default-padding)\">\n<div class=\"wp-block-group is-content-justification-space-between is-nowrap is-layout-flex wp-container-core-group-is-layout-30f9cafb wp-block-group-is-layout-flex\">\n<h3 class=\"wp-block-heading has-heading-3-xl-font-size\">2025<\/h3>\n\n\n\n<div class=\"wp-block-group has-global-padding is-layout-constrained wp-container-core-group-is-layout-ee551f93 wp-block-group-is-layout-constrained\">\n<h4 class=\"wp-block-heading has-heading-sm-font-size\">Juli<\/h4>\n\n\n\n<p>AnVa Industries f\u00f6rv\u00e4rvar en minoritetspost av Digital Mechanics AB<\/p>\n<\/div>\n<\/div>\n<\/div>\n\n\n\n<div class=\"wp-block-group has-global-padding is-layout-constrained wp-container-core-group-is-layout-784397a5 wp-block-group-is-layout-constrained\" style=\"padding-top:var(--wp--preset--spacing--3-0);padding-right:var(--wp--preset--spacing--default-padding);padding-bottom:var(--wp--preset--spacing--1-5);padding-left:var(--wp--preset--spacing--default-padding)\">\n<div class=\"wp-block-group is-content-justification-space-between is-nowrap is-layout-flex wp-container-core-group-is-layout-30f9cafb wp-block-group-is-layout-flex\">\n<h3 class=\"wp-block-heading has-heading-3-xl-font-size\">2025<\/h3>\n\n\n\n<div class=\"wp-block-group has-global-padding is-layout-constrained wp-container-core-group-is-layout-ee551f93 wp-block-group-is-layout-constrained\">\n<h4 class=\"wp-block-heading has-heading-sm-font-size\">Oktober<\/h4>\n\n\n\n<p>F\u00f6rv\u00e4rvar Aros Polymerteknik AB.<\/p>\n<\/div>\n<\/div>\n<\/div>\n\n         <\/div>\n            <div class=\"swiper-navigation\">\n         <div class=\"swiper-pagination\"><\/div>\n         <div class=\"swiper-buttons\">\n            <div class=\"swiper-button-prev\">\n               <svg width=\"26\" height=\"20\" viewbox=\"0 0 26 20\" fill=\"none\" xmlns=\"http:\/\/www.w3.org\/2000\/svg\">\n                  <path d=\"M9.58666 19.4225L0.16333 9.99957L9.60375 0.55957L11.095 2.03999L4.1825 8.95249H25.8537V11.0467H4.1825L11.0779 17.9421L9.58666 19.4225Z\" fill=\"currentColor\" \/>\n               <\/svg>\n            <\/div>\n            <div class=\"swiper-button-next\">\n               <svg width=\"26\" height=\"20\" viewbox=\"0 0 26 20\" fill=\"none\" xmlns=\"http:\/\/www.w3.org\/2000\/svg\">\n                  <path d=\"M16.0771 19.378L14.5854 17.8972L21.4808 11.0017H0.5V8.90798H21.4808L14.5683 1.99548L16.06 0.514648L25.5 9.95465L16.0771 19.378Z\" fill=\"currentColor\" \/>\n               <\/svg>\n            <\/div>\n         <\/div>\n      <\/div>\n         <\/div>\n<\/div><\/div>\n<\/div>\n<\/div>\n\n\n\n<div class=\"wp-block-group alignfull has-brand-5-background-color has-background has-global-padding is-layout-constrained wp-container-core-group-is-layout-19e250f3 wp-block-group-is-layout-constrained\" id=\"branscher\">\n<div class=\"wp-block-group alignfull is-content-justification-space-between is-nowrap is-layout-flex wp-container-core-group-is-layout-3a56d4e5 wp-block-group-is-layout-flex\" style=\"border-bottom-color:var(--wp--preset--color--light-grey);border-bottom-width:1px;padding-top:var(--wp--preset--spacing--7-0);padding-right:var(--wp--preset--spacing--default-padding);padding-bottom:var(--wp--preset--spacing--3-0);padding-left:var(--wp--preset--spacing--default-padding)\">\n<h2 class=\"wp-block-heading has-heading-lg-font-size\">Branscher vi v\u00e4nder oss till<\/h2>\n\n\n\n<div class=\"wp-block-group has-global-padding is-layout-constrained wp-container-core-group-is-layout-020a3828 wp-block-group-is-layout-constrained\">\n<p>Vi \u00e4r en p\u00e5litlig partner till n\u00e5gra av Sveriges mest teknikintensiva och kvalitetsmedvetna industrier. Genom att leverera komponenter och f\u00e4rdiga funktioner till flera branscher bidrar vi inte bara till h\u00e5llbara och effektiva l\u00f6sningar utan ocks\u00e5 skapar en stabil ekonomisk grund att st\u00e5 p\u00e5.<\/p>\n<\/div>\n<\/div>\n\n\n\n<div class=\"wp-block-group is-layout-grid wp-container-core-group-is-layout-2a361a55 wp-block-group-is-layout-grid\" style=\"padding-top:var(--wp--preset--spacing--3-0);padding-bottom:var(--wp--preset--spacing--7-0)\">\n<div class=\"wp-block-group has-secondary-2-background-color has-background is-vertical is-layout-flex wp-container-core-group-is-layout-2477c4f1 wp-block-group-is-layout-flex\" style=\"border-radius:0.5rem;padding-top:var(--wp--preset--spacing--1-5);padding-right:var(--wp--preset--spacing--1-5);padding-bottom:var(--wp--preset--spacing--1-5);padding-left:var(--wp--preset--spacing--1-5)\">\n<div class=\"wp-block-cover is-light has-aspect-ratio\" style=\"border-radius:0.5rem;padding-top:var(--wp--preset--spacing--0-50);padding-right:var(--wp--preset--spacing--0-50);padding-bottom:var(--wp--preset--spacing--0-50);padding-left:var(--wp--preset--spacing--0-50);aspect-ratio:1;min-height:unset;\"><span aria-hidden=\"true\" class=\"wp-block-cover__background has-secondary-3-background-color has-background-dim-100 has-background-dim\"><\/span><div class=\"wp-block-cover__inner-container has-global-padding is-layout-constrained wp-container-core-cover-is-layout-4450fb02 wp-block-cover-is-layout-constrained\">\n<p class=\"has-text-align-center has-heading-sm-font-size\" style=\"line-height:1\">01<\/p>\n<\/div><\/div>\n\n\n\n<div class=\"wp-block-group is-vertical is-layout-flex wp-container-core-group-is-layout-c6928c0d wp-block-group-is-layout-flex\">\n<h3 class=\"wp-block-heading has-heading-xs-font-size\">Fordonsindustrin<\/h3>\n\n\n\n<p>Sveriges fordonsindustri \u00e4r en v\u00e4rldsledande bransch som pr\u00e4glas av innovation, kvalitet och h\u00e5llbarhet. Vi levererar komponenter i gummi-, plast- och metall till n\u00e5gra av landets ledande fordonsf\u00f6retag och deras underleverant\u00f6rer. V\u00e5ra leveranser \u00e4r med fokus p\u00e5 precision, p\u00e5litlighet och l\u00e5ngsiktiga samarbeten<\/p>\n<\/div>\n<\/div>\n\n\n\n<div class=\"wp-block-group has-secondary-2-background-color has-background is-vertical is-layout-flex wp-container-core-group-is-layout-2477c4f1 wp-block-group-is-layout-flex\" style=\"border-radius:0.5rem;padding-top:var(--wp--preset--spacing--1-5);padding-right:var(--wp--preset--spacing--1-5);padding-bottom:var(--wp--preset--spacing--1-5);padding-left:var(--wp--preset--spacing--1-5)\">\n<div class=\"wp-block-cover is-light has-aspect-ratio\" style=\"border-radius:0.5rem;padding-top:var(--wp--preset--spacing--0-50);padding-right:var(--wp--preset--spacing--0-50);padding-bottom:var(--wp--preset--spacing--0-50);padding-left:var(--wp--preset--spacing--0-50);aspect-ratio:1;min-height:unset;\"><span aria-hidden=\"true\" class=\"wp-block-cover__background has-secondary-3-background-color has-background-dim-100 has-background-dim\"><\/span><div class=\"wp-block-cover__inner-container has-global-padding is-layout-constrained wp-container-core-cover-is-layout-4450fb02 wp-block-cover-is-layout-constrained\">\n<p class=\"has-text-align-center has-heading-sm-font-size\" style=\"line-height:1\">02<\/p>\n<\/div><\/div>\n\n\n\n<div class=\"wp-block-group is-vertical is-layout-flex wp-container-core-group-is-layout-c6928c0d wp-block-group-is-layout-flex\">\n<h3 class=\"wp-block-heading has-heading-xs-font-size\">Entreprenad &amp; Anl\u00e4ggning<\/h3>\n\n\n\n<p>Entreprenad och anl\u00e4ggningsbranchen \u00e4r avg\u00f6rande f\u00f6r samh\u00e4llets utveckling och f\u00f6rser v\u00e4rlden med h\u00e5llbara l\u00f6sningar f\u00f6r byggnation, energi och r\u00e5varor. Vi levererar till ledande tillverkare av anl\u00e4ggningsmaskiner och utrustningar till gruvindustrin.&nbsp;<\/p>\n<\/div>\n<\/div>\n\n\n\n<div class=\"wp-block-group has-secondary-2-background-color has-background is-vertical is-layout-flex wp-container-core-group-is-layout-2477c4f1 wp-block-group-is-layout-flex\" style=\"border-radius:0.5rem;padding-top:var(--wp--preset--spacing--1-5);padding-right:var(--wp--preset--spacing--1-5);padding-bottom:var(--wp--preset--spacing--1-5);padding-left:var(--wp--preset--spacing--1-5)\">\n<div class=\"wp-block-cover is-light has-aspect-ratio\" style=\"border-radius:0.5rem;padding-top:var(--wp--preset--spacing--0-50);padding-right:var(--wp--preset--spacing--0-50);padding-bottom:var(--wp--preset--spacing--0-50);padding-left:var(--wp--preset--spacing--0-50);aspect-ratio:1;min-height:unset;\"><span aria-hidden=\"true\" class=\"wp-block-cover__background has-secondary-3-background-color has-background-dim-100 has-background-dim\"><\/span><div class=\"wp-block-cover__inner-container has-global-padding is-layout-constrained wp-container-core-cover-is-layout-4450fb02 wp-block-cover-is-layout-constrained\">\n<p class=\"has-text-align-center has-heading-sm-font-size\" style=\"line-height:1\">03<\/p>\n<\/div><\/div>\n\n\n\n<div class=\"wp-block-group is-vertical is-layout-flex wp-container-core-group-is-layout-c6928c0d wp-block-group-is-layout-flex\">\n<h3 class=\"wp-block-heading has-heading-xs-font-size\">F\u00f6rsvar<\/h3>\n\n\n\n<p>Vi levererar till Europas f\u00f6rsvarsindustri, som st\u00e5r f\u00f6r h\u00f6gteknologisk utveckling, precision och s\u00e4kerhet i v\u00e4rldsklass. Vi levererar f\u00e4rdiga funktioner och enstaka komponenter d\u00e4r kraven p\u00e5 p\u00e5litlighet, kvalitet och sp\u00e5rbarhet \u00e4r avg\u00f6rande f\u00f6r v\u00e5r framtida s\u00e4kerhet.<\/p>\n<\/div>\n<\/div>\n\n\n\n<div class=\"wp-block-group has-secondary-2-background-color has-background is-vertical is-layout-flex wp-container-core-group-is-layout-2477c4f1 wp-block-group-is-layout-flex\" style=\"border-radius:0.5rem;padding-top:var(--wp--preset--spacing--1-5);padding-right:var(--wp--preset--spacing--1-5);padding-bottom:var(--wp--preset--spacing--1-5);padding-left:var(--wp--preset--spacing--1-5)\">\n<div class=\"wp-block-cover is-light has-aspect-ratio\" style=\"border-radius:0.5rem;padding-top:var(--wp--preset--spacing--0-50);padding-right:var(--wp--preset--spacing--0-50);padding-bottom:var(--wp--preset--spacing--0-50);padding-left:var(--wp--preset--spacing--0-50);aspect-ratio:1;min-height:unset;\"><span aria-hidden=\"true\" class=\"wp-block-cover__background has-secondary-3-background-color has-background-dim-100 has-background-dim\"><\/span><div class=\"wp-block-cover__inner-container has-global-padding is-layout-constrained wp-container-core-cover-is-layout-4450fb02 wp-block-cover-is-layout-constrained\">\n<p class=\"has-text-align-center has-heading-sm-font-size\" style=\"line-height:1\">04<\/p>\n<\/div><\/div>\n\n\n\n<div class=\"wp-block-group is-vertical is-layout-flex wp-container-core-group-is-layout-c6928c0d wp-block-group-is-layout-flex\">\n<h3 class=\"wp-block-heading has-heading-xs-font-size\">Skog och Tr\u00e4dg\u00e5rd<\/h3>\n\n\n\n<p>Inom skogs- och tr\u00e4dg\u00e5rdsindustrin kombineras stark tradition med modern teknik f\u00f6r att skapa effektiva och h\u00e5llbara produkter \u00f6ver tid. Med fokus p\u00e5 precision, slitstyrka och tillf\u00f6rlitlighet, levererar vi till tillverkare av bland annat motors\u00e5gar, r\u00f6js\u00e5gar och gr\u00e4sklippare.<\/p>\n<\/div>\n<\/div>\n\n\n\n<div class=\"wp-block-group has-secondary-2-background-color has-background is-vertical is-layout-flex wp-container-core-group-is-layout-2477c4f1 wp-block-group-is-layout-flex\" style=\"border-radius:0.5rem;padding-top:var(--wp--preset--spacing--1-5);padding-right:var(--wp--preset--spacing--1-5);padding-bottom:var(--wp--preset--spacing--1-5);padding-left:var(--wp--preset--spacing--1-5)\">\n<div class=\"wp-block-cover is-light has-aspect-ratio\" style=\"border-radius:0.5rem;padding-top:var(--wp--preset--spacing--0-50);padding-right:var(--wp--preset--spacing--0-50);padding-bottom:var(--wp--preset--spacing--0-50);padding-left:var(--wp--preset--spacing--0-50);aspect-ratio:1;min-height:unset;\"><span aria-hidden=\"true\" class=\"wp-block-cover__background has-secondary-3-background-color has-background-dim-100 has-background-dim\"><\/span><div class=\"wp-block-cover__inner-container has-global-padding is-layout-constrained wp-container-core-cover-is-layout-4450fb02 wp-block-cover-is-layout-constrained\">\n<p class=\"has-text-align-center has-heading-sm-font-size\" style=\"line-height:1\">05<\/p>\n<\/div><\/div>\n\n\n\n<div class=\"wp-block-group is-vertical is-layout-flex wp-container-core-group-is-layout-c6928c0d wp-block-group-is-layout-flex\">\n<h3 class=\"wp-block-heading has-heading-xs-font-size\">Maskiner och automationsutrustning<\/h3>\n\n\n\n<p>Vi levererar det mesta fr\u00e5n enstaka komponenter s\u00e5som stativ, stativdelar och olika transport\u00f6rer till tillverkare av produktionsutrustningar, men vi tar ocks\u00e5 uppdrag att leverera kompletta maskiner och automationer till den svenska industrin. Med snabbhet, flexibilitet och teknisk kompetens s\u00e4kerst\u00e4ller vi att v\u00e5ra kunder kan h\u00e5lla sina processer effektiva och konkurrenskraftiga.<\/p>\n<\/div>\n<\/div>\n\n\n\n<div class=\"wp-block-group has-secondary-2-background-color has-background is-vertical is-layout-flex wp-container-core-group-is-layout-2477c4f1 wp-block-group-is-layout-flex\" style=\"border-radius:0.5rem;padding-top:var(--wp--preset--spacing--1-5);padding-right:var(--wp--preset--spacing--1-5);padding-bottom:var(--wp--preset--spacing--1-5);padding-left:var(--wp--preset--spacing--1-5)\">\n<div class=\"wp-block-cover is-light has-aspect-ratio\" style=\"border-radius:0.5rem;padding-top:var(--wp--preset--spacing--0-50);padding-right:var(--wp--preset--spacing--0-50);padding-bottom:var(--wp--preset--spacing--0-50);padding-left:var(--wp--preset--spacing--0-50);aspect-ratio:1;min-height:unset;\"><span aria-hidden=\"true\" class=\"wp-block-cover__background has-secondary-3-background-color has-background-dim-100 has-background-dim\"><\/span><div class=\"wp-block-cover__inner-container has-global-padding is-layout-constrained wp-container-core-cover-is-layout-4450fb02 wp-block-cover-is-layout-constrained\">\n<p class=\"has-text-align-center has-heading-sm-font-size\" style=\"line-height:1\">06<\/p>\n<\/div><\/div>\n\n\n\n<div class=\"wp-block-group is-vertical is-layout-flex wp-container-core-group-is-layout-c6928c0d wp-block-group-is-layout-flex\">\n<h3 class=\"wp-block-heading has-heading-xs-font-size\">Energisektorn<\/h3>\n\n\n\n<p>Den globala energisektorn st\u00e4ller h\u00f6ga krav p\u00e5 effektivitet, precision och tillf\u00f6rlitlighet. Vi tillverkar avancerade komponenter till gasturbiner och energisystem d\u00e4r varje detalj m\u00e5ste klara extrema p\u00e5frestningar. Genom kvalitet, teknisk kompetens och s\u00e4kra leveranser bidrar vi till en s\u00e4ker och h\u00e5llbar energif\u00f6rs\u00f6rjning<\/p>\n<\/div>\n<\/div>\n<\/div>\n<\/div>","protected":false},"excerpt":{"rendered":"<p>Every part cared for Vi kombinerar innovation, teknisk spetskompetens och h\u00e5llbara l\u00f6sningar f\u00f6r att st\u00e4rka v\u00e5ra kunder och forma en b\u00e4ttre industri, idag och f\u00f6r kommande generationer Geografisk n\u00e4rvaro P\u00e5 AnVa hj\u00e4lper vi v\u00e5ra kunder att lyckas med h\u00f6gkvalitativa industril\u00f6sningar. V\u00e5ra skr\u00e4ddarsydda komponenter och system f\u00f6rb\u00e4ttrar effektiviteten, optimerar produktionen och st\u00f6djer en h\u00e5llbar tillv\u00e4xt. Vi [&hellip;]<\/p>\n","protected":false},"author":1,"featured_media":0,"parent":0,"menu_order":0,"comment_status":"closed","ping_status":"closed","template":"","meta":{"footnotes":""},"class_list":["post-409","page","type-page","status-publish","hentry"],"yoast_head":"<!-- This site is optimized with the Yoast SEO plugin v27.5 - https:\/\/yoast.com\/product\/yoast-seo-wordpress\/ -->\n<title>Om AnVa \u2013 Every part cared for<\/title>\n<meta name=\"description\" content=\"Vi kombinerar innovation, teknisk spetskompetens och h\u00e5llbara l\u00f6sningar f\u00f6r att st\u00e4rka v\u00e5ra kunder och forma en b\u00e4ttre industri, idag och f\u00f6r framtiden.\" \/>\n<meta name=\"robots\" content=\"index, follow, max-snippet:-1, max-image-preview:large, max-video-preview:-1\" \/>\n<link rel=\"canonical\" href=\"https:\/\/www.anva.se\/en\/om-oss\/\" \/>\n<meta property=\"og:locale\" content=\"en_GB\" \/>\n<meta property=\"og:type\" content=\"article\" \/>\n<meta property=\"og:title\" content=\"Om AnVa \u2013 Every part cared for\" \/>\n<meta property=\"og:description\" content=\"Vi kombinerar innovation, teknisk spetskompetens och h\u00e5llbara l\u00f6sningar f\u00f6r att st\u00e4rka v\u00e5ra kunder och forma en b\u00e4ttre industri, idag och f\u00f6r framtiden.\" \/>\n<meta property=\"og:url\" content=\"https:\/\/www.anva.se\/en\/om-oss\/\" \/>\n<meta property=\"og:site_name\" content=\"AnVa\" \/>\n<meta property=\"article:modified_time\" content=\"2025-12-04T14:58:00+00:00\" \/>\n<meta property=\"og:image\" content=\"https:\/\/www.anva.se\/wp-content\/uploads\/2025\/11\/Omoss-1.jpg\" \/>\n<meta name=\"twitter:card\" content=\"summary_large_image\" \/>\n<meta name=\"twitter:label1\" content=\"Estimated reading time\" \/>\n\t<meta name=\"twitter:data1\" content=\"5 minutes\" \/>\n<script type=\"application\/ld+json\" class=\"yoast-schema-graph\">{\"@context\":\"https:\\\/\\\/schema.org\",\"@graph\":[{\"@type\":\"WebPage\",\"@id\":\"https:\\\/\\\/www.anva.se\\\/en\\\/om-oss\\\/\",\"url\":\"https:\\\/\\\/www.anva.se\\\/en\\\/om-oss\\\/\",\"name\":\"Om AnVa \u2013 Every part cared for\",\"isPartOf\":{\"@id\":\"https:\\\/\\\/www.anva.se\\\/en\\\/#website\"},\"primaryImageOfPage\":{\"@id\":\"https:\\\/\\\/www.anva.se\\\/en\\\/om-oss\\\/#primaryimage\"},\"image\":{\"@id\":\"https:\\\/\\\/www.anva.se\\\/en\\\/om-oss\\\/#primaryimage\"},\"thumbnailUrl\":\"https:\\\/\\\/www.anva.se\\\/wp-content\\\/uploads\\\/2025\\\/11\\\/Omoss-1.jpg\",\"datePublished\":\"2025-10-08T15:00:15+00:00\",\"dateModified\":\"2025-12-04T14:58:00+00:00\",\"description\":\"Vi kombinerar innovation, teknisk spetskompetens och h\u00e5llbara l\u00f6sningar f\u00f6r att st\u00e4rka v\u00e5ra kunder och forma en b\u00e4ttre industri, idag och f\u00f6r framtiden.\",\"breadcrumb\":{\"@id\":\"https:\\\/\\\/www.anva.se\\\/en\\\/om-oss\\\/#breadcrumb\"},\"inLanguage\":\"en-GB\",\"potentialAction\":[{\"@type\":\"ReadAction\",\"target\":[\"https:\\\/\\\/www.anva.se\\\/en\\\/om-oss\\\/\"]}]},{\"@type\":\"ImageObject\",\"inLanguage\":\"en-GB\",\"@id\":\"https:\\\/\\\/www.anva.se\\\/en\\\/om-oss\\\/#primaryimage\",\"url\":\"https:\\\/\\\/www.anva.se\\\/wp-content\\\/uploads\\\/2025\\\/11\\\/Omoss-1.jpg\",\"contentUrl\":\"https:\\\/\\\/www.anva.se\\\/wp-content\\\/uploads\\\/2025\\\/11\\\/Omoss-1.jpg\"},{\"@type\":\"BreadcrumbList\",\"@id\":\"https:\\\/\\\/www.anva.se\\\/en\\\/om-oss\\\/#breadcrumb\",\"itemListElement\":[{\"@type\":\"ListItem\",\"position\":1,\"name\":\"Hem\",\"item\":\"https:\\\/\\\/www.anva.se\\\/en\\\/\"},{\"@type\":\"ListItem\",\"position\":2,\"name\":\"Om oss\"}]},{\"@type\":\"WebSite\",\"@id\":\"https:\\\/\\\/www.anva.se\\\/en\\\/#website\",\"url\":\"https:\\\/\\\/www.anva.se\\\/en\\\/\",\"name\":\"AnVa\",\"description\":\"\",\"publisher\":{\"@id\":\"https:\\\/\\\/www.anva.se\\\/en\\\/#organization\"},\"potentialAction\":[{\"@type\":\"SearchAction\",\"target\":{\"@type\":\"EntryPoint\",\"urlTemplate\":\"https:\\\/\\\/www.anva.se\\\/en\\\/?s={search_term_string}\"},\"query-input\":{\"@type\":\"PropertyValueSpecification\",\"valueRequired\":true,\"valueName\":\"search_term_string\"}}],\"inLanguage\":\"en-GB\"},{\"@type\":\"Organization\",\"@id\":\"https:\\\/\\\/www.anva.se\\\/en\\\/#organization\",\"name\":\"AnVa\",\"url\":\"https:\\\/\\\/www.anva.se\\\/en\\\/\",\"logo\":{\"@type\":\"ImageObject\",\"inLanguage\":\"en-GB\",\"@id\":\"https:\\\/\\\/www.anva.se\\\/en\\\/#\\\/schema\\\/logo\\\/image\\\/\",\"url\":\"https:\\\/\\\/www.anva.se\\\/wp-content\\\/uploads\\\/2025\\\/10\\\/AnVanew.svg\",\"contentUrl\":\"https:\\\/\\\/www.anva.se\\\/wp-content\\\/uploads\\\/2025\\\/10\\\/AnVanew.svg\",\"caption\":\"AnVa\"},\"image\":{\"@id\":\"https:\\\/\\\/www.anva.se\\\/en\\\/#\\\/schema\\\/logo\\\/image\\\/\"}}]}<\/script>\n<!-- \/ Yoast SEO plugin. -->","yoast_head_json":{"title":"Om AnVa \u2013 Every part cared for","description":"Vi kombinerar innovation, teknisk spetskompetens och h\u00e5llbara l\u00f6sningar f\u00f6r att st\u00e4rka v\u00e5ra kunder och forma en b\u00e4ttre industri, idag och f\u00f6r framtiden.","robots":{"index":"index","follow":"follow","max-snippet":"max-snippet:-1","max-image-preview":"max-image-preview:large","max-video-preview":"max-video-preview:-1"},"canonical":"https:\/\/www.anva.se\/en\/om-oss\/","og_locale":"en_GB","og_type":"article","og_title":"Om AnVa \u2013 Every part cared for","og_description":"Vi kombinerar innovation, teknisk spetskompetens och h\u00e5llbara l\u00f6sningar f\u00f6r att st\u00e4rka v\u00e5ra kunder och forma en b\u00e4ttre industri, idag och f\u00f6r framtiden.","og_url":"https:\/\/www.anva.se\/en\/om-oss\/","og_site_name":"AnVa","article_modified_time":"2025-12-04T14:58:00+00:00","og_image":[{"url":"https:\/\/www.anva.se\/wp-content\/uploads\/2025\/11\/Omoss-1.jpg","type":"","width":"","height":""}],"twitter_card":"summary_large_image","twitter_misc":{"Estimated reading time":"5 minutes"},"schema":{"@context":"https:\/\/schema.org","@graph":[{"@type":"WebPage","@id":"https:\/\/www.anva.se\/en\/om-oss\/","url":"https:\/\/www.anva.se\/en\/om-oss\/","name":"Om AnVa \u2013 Every part cared for","isPartOf":{"@id":"https:\/\/www.anva.se\/en\/#website"},"primaryImageOfPage":{"@id":"https:\/\/www.anva.se\/en\/om-oss\/#primaryimage"},"image":{"@id":"https:\/\/www.anva.se\/en\/om-oss\/#primaryimage"},"thumbnailUrl":"https:\/\/www.anva.se\/wp-content\/uploads\/2025\/11\/Omoss-1.jpg","datePublished":"2025-10-08T15:00:15+00:00","dateModified":"2025-12-04T14:58:00+00:00","description":"Vi kombinerar innovation, teknisk spetskompetens och h\u00e5llbara l\u00f6sningar f\u00f6r att st\u00e4rka v\u00e5ra kunder och forma en b\u00e4ttre industri, idag och f\u00f6r framtiden.","breadcrumb":{"@id":"https:\/\/www.anva.se\/en\/om-oss\/#breadcrumb"},"inLanguage":"en-GB","potentialAction":[{"@type":"ReadAction","target":["https:\/\/www.anva.se\/en\/om-oss\/"]}]},{"@type":"ImageObject","inLanguage":"en-GB","@id":"https:\/\/www.anva.se\/en\/om-oss\/#primaryimage","url":"https:\/\/www.anva.se\/wp-content\/uploads\/2025\/11\/Omoss-1.jpg","contentUrl":"https:\/\/www.anva.se\/wp-content\/uploads\/2025\/11\/Omoss-1.jpg"},{"@type":"BreadcrumbList","@id":"https:\/\/www.anva.se\/en\/om-oss\/#breadcrumb","itemListElement":[{"@type":"ListItem","position":1,"name":"Hem","item":"https:\/\/www.anva.se\/en\/"},{"@type":"ListItem","position":2,"name":"Om oss"}]},{"@type":"WebSite","@id":"https:\/\/www.anva.se\/en\/#website","url":"https:\/\/www.anva.se\/en\/","name":"AnVa","description":"","publisher":{"@id":"https:\/\/www.anva.se\/en\/#organization"},"potentialAction":[{"@type":"SearchAction","target":{"@type":"EntryPoint","urlTemplate":"https:\/\/www.anva.se\/en\/?s={search_term_string}"},"query-input":{"@type":"PropertyValueSpecification","valueRequired":true,"valueName":"search_term_string"}}],"inLanguage":"en-GB"},{"@type":"Organization","@id":"https:\/\/www.anva.se\/en\/#organization","name":"AnVa","url":"https:\/\/www.anva.se\/en\/","logo":{"@type":"ImageObject","inLanguage":"en-GB","@id":"https:\/\/www.anva.se\/en\/#\/schema\/logo\/image\/","url":"https:\/\/www.anva.se\/wp-content\/uploads\/2025\/10\/AnVanew.svg","contentUrl":"https:\/\/www.anva.se\/wp-content\/uploads\/2025\/10\/AnVanew.svg","caption":"AnVa"},"image":{"@id":"https:\/\/www.anva.se\/en\/#\/schema\/logo\/image\/"}}]}},"_links":{"self":[{"href":"https:\/\/www.anva.se\/en\/wp-json\/wp\/v2\/pages\/409","targetHints":{"allow":["GET"]}}],"collection":[{"href":"https:\/\/www.anva.se\/en\/wp-json\/wp\/v2\/pages"}],"about":[{"href":"https:\/\/www.anva.se\/en\/wp-json\/wp\/v2\/types\/page"}],"author":[{"embeddable":true,"href":"https:\/\/www.anva.se\/en\/wp-json\/wp\/v2\/users\/1"}],"replies":[{"embeddable":true,"href":"https:\/\/www.anva.se\/en\/wp-json\/wp\/v2\/comments?post=409"}],"version-history":[{"count":71,"href":"https:\/\/www.anva.se\/en\/wp-json\/wp\/v2\/pages\/409\/revisions"}],"predecessor-version":[{"id":963,"href":"https:\/\/www.anva.se\/en\/wp-json\/wp\/v2\/pages\/409\/revisions\/963"}],"wp:attachment":[{"href":"https:\/\/www.anva.se\/en\/wp-json\/wp\/v2\/media?parent=409"}],"curies":[{"name":"wp","href":"https:\/\/api.w.org\/{rel}","templated":true}]}}